{"id":22748,"date":"2018-07-05T14:04:27","date_gmt":"2018-07-05T14:04:27","guid":{"rendered":"https:\/\/salumeriaittica.org\/prodotto\/mortadella-di-mare\/"},"modified":"2026-08-31T16:40:35","modified_gmt":"2026-08-31T16:40:35","slug":"mortadella-di-mare","status":"publish","type":"product","link":"https:\/\/salumeriaittica.org\/fr\/prodotto\/mortadella-di-mare\/","title":{"rendered":"Mortadella de fruits de mer"},"content":{"rendered":"<div>\n<h1>Mortadella de fruits de mer<\/h1>\n<p>La Mortadella de la mer de pistache est transform\u00e9e directement dans notre usine de production en<b> Toscane<\/b>, o\u00f9 se trouvent les meilleurs poissons captur\u00e9s dans les eaux riches de notre mer M\u00e9diterran\u00e9e, c\u2019est pourquoi nous pouvons garantir une haute qualit\u00e9 toute l\u2019ann\u00e9e.<\/p>\n<p><span style=\"float: none; background-color: transparent; color: #191e23; font-family: 'Noto Serif'; font-size: 16px; font-style: normal; font-variant: normal; font-weight: 400; letter-spacing: normal; line-height: 28.8px; text-align: left; text-decoration: none; text-indent: 0px; text-transform: none;\">La mortadella aux fruits de mer, un classique historique qui, avec la porchetta au thon, a marqu\u00e9 l\u2019histoire de notre entreprise.<\/span><br \/><span style=\"float: none; background-color: transparent; color: #191e23; font-family: 'Noto Serif'; font-size: 16px; font-style: normal; font-variant: normal; font-weight: 400; letter-spacing: normal; line-height: 28.8px; text-align: left; text-decoration: none; text-indent: 0px; text-transform: none;\">La mortadella de thon est pr\u00e9par\u00e9e avec du thon jaune, du calmar et de l\u2019espadon combin\u00e9s \u00e0 des ar\u00f4mes, des \u00e9pices, du sel et de la pistache, puis cuite.<\/span><\/p>\n<p><strong>C\u2019est<\/strong> le secret de la production de notre <strong>Mortadella di Mare<\/strong> ; un produit transform\u00e9 de mani\u00e8re ancienne, avec une tr\u00e8s forte teneur nutritionnelle incluant :<\/p>\n<\/div>\n<div>\n<ul>\n<li>Teneur \u00e9lev\u00e9e en prot\u00e9ines Environ 32 %<\/li>\n<li>Cuisson lente<\/li>\n<li>R\u00e9duction de la teneur en mati\u00e8res grasses (seulement 0,9 %)<\/li>\n<li>Il contient des Om\u00e9ga 3 et 6, pr\u00e9cieux alli\u00e9s de notre corps<\/li>\n<li>Elle contient de nombreux min\u00e9raux tels que le potassium, le s\u00e9l\u00e9nium et le phosphore<\/li>\n<li>Il existe aussi des vitamines B<\/li>\n<li>Id\u00e9al dans les r\u00e9gimes pauvres en calories<\/li>\n<li>Sans gluten<\/li>\n<li>Incroyablement bon et l\u00e9ger, id\u00e9al pour les r\u00e9gimes pauvres en calories.<\/li>\n<li>Adapt\u00e9 aux sportifs et aux passionn\u00e9s de sant\u00e9<\/li>\n<\/ul>\n<\/div>\n<div>\n<p>.<\/p>\n<p><strong>Emballage : <\/strong>emballage sous vide<\/p>\n<p><strong>Dur\u00e9e : 6<\/strong>0 jours<\/p>\n<p><strong>Disponibilit\u00e9 : <\/strong>toute l\u2019ann\u00e9e<\/p>\n<ul>\n<li>Prix \u20ac\/kg 87,46\n<p>Ingr\u00e9dients : <strong>thon jaune<\/strong> (Thunnus albacares), <strong>ESPADON<\/strong> (Xiphias gladius), <strong>SAUMON<\/strong> (Salmo salar), <strong>calmar g\u00e9ant<\/strong> du Pacifique (Dosidicus gigas), <strong>PISTACHE,<\/strong> <strong>blanc d\u2019\u0153uf<\/strong>, herbes et \u00e9pices, plantes aromatiques, sel Volterra, sucre, antioxydants : acide citrique, ascorbate de sodium ; E124 Ponceau 4R (peut affecter n\u00e9gativement l\u2019activit\u00e9 et l\u2019attention des enfants).<\/li>\n<\/ul>\n<p>ALLERG\u00c8NES :<strong> POISSON, COQUILLAGES, NOIX<br \/><\/strong>Peut contenir des traces de :<strong> CRUSTAC\u00c9S<\/p>\n<p><\/strong><\/p>\n<div class=\"tabella-nutrizionale-container\" style=\"max-width: 400px; margin: 20px 0; font-family: -apple-system, BlinkMacSystemFont, 'Segoe UI', Roboto, Helvetica, Arial, sans-serif; border: 1px solid #e0e0e0; border-radius: 8px; overflow: hidden; box-shadow: 0 2px 4px rgba(0,0,0,0.05);\">\n<div style=\"background-color: #f8f9fa; padding: 15px; border-bottom: 2px solid #222;\">\n<h3 style=\"margin: 0; font-size: 18px; font-weight: bold; uppercase; color: #222;\">Valeurs nutritionnelles<\/h3>\n<p style=\"margin: 5px 0 0 0; font-size: 13px; color: #666; font-style: italic;\">Valeurs moyennes pour 100g de produit<\/p>\n<\/div>\n<table style=\"width: 100%; border-collapse: collapse; margin: 0; background: #fff;\">\n<tbody>\n<tr style=\"border-bottom: 1px solid #eeeeee;\">\nValeur <\/p>\n<td style=\"padding: 12px 15px; font-weight: 600; color: #222; font-size: 14px;\">\u00e9nerg\u00e9tique<\/td>\n<td style=\"padding: 12px 15px; text-align: right; font-weight: 600; color: #222; font-size: 14px;\">531 kJ \/ 127 kcal<\/td>\n<\/tr>\n<tr style=\"border-bottom: 1px solid #eeeeee;\">\n<td style=\"padding: 12px 15px; font-weight: 600; color: #222; font-size: 14px;\">Gras<\/td>\n<td style=\"padding: 12px 15px; text-align: right; color: #333; font-size: 14px;\">0,8 g<\/td>\n<\/tr>\n<tr style=\"border-bottom: 1px solid #eeeeee; background-color: #fafafa;\">\n<td style=\"padding: 10px 15px 10px 30px; color: #666; font-size: 13px;\"><em>dont Acides gras satur\u00e9s<\/em><\/td>\n<td style=\"padding: 10px 15px; text-align: right; color: #666; font-size: 13px;\">0,5 g<\/td>\n<\/tr>\n<tr style=\"border-bottom: 1px solid #eeeeee;\">\n<td style=\"padding: 12px 15px; font-weight: 600; color: #222; font-size: 14px;\">Glucides<\/td>\n<td style=\"padding: 12px 15px; text-align: right; color: #333; font-size: 14px;\">0,5 g<\/td>\n<\/tr>\n<tr style=\"border-bottom: 1px solid #eeeeee; background-color: #fafafa;\">\n<td style=\"padding: 10px 15px 10px 30px; color: #666; font-size: 13px;\"><em>dont Sucres<\/em><\/td>\n<td style=\"padding: 10px 15px; text-align: right; color: #666; font-size: 13px;\">0,3 g<\/td>\n<\/tr>\n<tr style=\"border-bottom: 1px solid #eeeeee;\">\n<td style=\"padding: 12px 15px; font-weight: 600; color: #222; font-size: 14px;\">Prot\u00e9ine<\/td>\n<td style=\"padding: 12px 15px; text-align: right; color: #333; font-size: 14px;\">29 g<\/td>\n<\/tr>\n<tr style=\"border-bottom: 1px solid #222;\">\n<td style=\"padding: 12px 15px; font-weight: 600; color: #222; font-size: 14px;\">Sel<\/td>\n<td style=\"padding: 12px 15px; text-align: right; color: #333; font-size: 14px;\">1 g<\/td>\n<\/tr>\n<\/tbody>\n<\/table>\n<\/div>\n<h2>La saveur, la douceur et l\u2019ar\u00f4me de Mortadella di Mare sont ses caract\u00e9ristiques particuli\u00e8res<\/h2>\n<p><span style=\"float: none; background-color: transparent; color: #191e23; font-family: 'Noto Serif'; font-size: 16px; font-style: normal; font-variant: normal; font-weight: 400; letter-spacing: normal; line-height: 28.8px; text-align: left; text-decoration: none; text-indent: 0px; text-transform: none;\">\u00c7a va bien avec des petits pains farcis, des petits pains farcis, <\/span><br \/><span style=\"float: none; background-color: transparent; color: #191e23; font-family: 'Noto Serif'; font-size: 16px; font-style: normal; font-variant: normal; font-weight: 400; letter-spacing: normal; line-height: 28.8px; text-align: left; text-decoration: none; text-indent: 0px; text-transform: none;\">des plateaux de \u00ab Salumi di Mare \u00bb ou coup\u00e9s en cubes en entr\u00e9e dans un excellent ap\u00e9ritif.<\/span><\/p>\n<p><a href=\"https:\/\/salumeriaittica.org\/fr\/?attachment_id=2190\" rel=\"attachment wp-att-2190\"><img loading=\"lazy\" decoding=\"async\" class=\"alignnone size-medium wp-image-2190\" src=\"https:\/\/salumeriaittica.org\/wp-content\/uploads\/2018\/07\/Mortadella-di-mare-2-300x200.jpg\" alt=\"\" width=\"300\" height=\"200\" srcset=\"https:\/\/salumeriaittica.org\/wp-content\/uploads\/2018\/07\/Mortadella-di-mare-2-300x200.jpg 300w, https:\/\/salumeriaittica.org\/wp-content\/uploads\/2018\/07\/Mortadella-di-mare-2-scaled-500x333.jpg 500w, https:\/\/salumeriaittica.org\/wp-content\/uploads\/2018\/07\/Mortadella-di-mare-2-768x512.jpg 768w, https:\/\/salumeriaittica.org\/wp-content\/uploads\/2018\/07\/Mortadella-di-mare-2-1024x683.jpg 1024w, https:\/\/salumeriaittica.org\/wp-content\/uploads\/2018\/07\/Mortadella-di-mare-2-340x225.jpg 340w, https:\/\/salumeriaittica.org\/wp-content\/uploads\/2018\/07\/Mortadella-di-mare-2-scaled-600x400.jpg 600w\" sizes=\"auto, (max-width: 300px) 100vw, 300px\" \/><\/a><\/p>\n<\/div>\n&#13;\n<figure class=\"wp-block-image\">&#13;\n<figcaption>Mortadella de fruits de mer<br\/><br\/>RECETTES avec de la mortadella de fruits de mer<br\/><br\/>Facile et savoureux&#8230;<br\/><div id=\"attachment_2192\" style=\"width: 310px\" class=\"wp-caption alignnone\"><a href=\"https:\/\/salumeriaittica.org\/fr\/?attachment_id=2192\" rel=\"attachment wp-att-2192\"><img loading=\"lazy\" decoding=\"async\" aria-describedby=\"caption-attachment-2192\" class=\"size-medium wp-image-2192\" src=\"https:\/\/salumeriaittica.org\/wp-content\/uploads\/2018\/07\/pizza-mortadella-pistacchio-e-burrata-300x225.jpg\" alt=\"\" width=\"300\" height=\"225\" srcset=\"https:\/\/salumeriaittica.org\/wp-content\/uploads\/2018\/07\/pizza-mortadella-pistacchio-e-burrata-300x225.jpg 300w, https:\/\/salumeriaittica.org\/wp-content\/uploads\/2018\/07\/pizza-mortadella-pistacchio-e-burrata-500x375.jpg 500w, https:\/\/salumeriaittica.org\/wp-content\/uploads\/2018\/07\/pizza-mortadella-pistacchio-e-burrata.jpg 550w\" sizes=\"auto, (max-width: 300px) 100vw, 300px\" \/><\/a><p id=\"caption-attachment-2192\" class=\"wp-caption-text\">Pizza \u00e0 la mortadella de fruits de mer, pistache et burrata<\/p><\/div>\n<\/figcaption>&#13;\n<\/figure>&#13;\n","protected":false},"excerpt":{"rendered":"<p>Mortadella di Mare Elle se m\u00e9lange facilement dans des sandwiches farcis, de la focaccia farcie, <br \/>des plateaux de \u00ab Salumi di Mare \u00bb ou coup\u00e9s en cubes en entr\u00e9e dans un excellent ap\u00e9ritif.<br \/>Excellente sur une pizza blanche avec burrata apulienne et grains de pistache.<br \/>Prix \u20ac\/kg 87,46<\/p>\n","protected":false},"featured_media":22761,"comment_status":"open","ping_status":"closed","template":"","meta":{"_coblocks_attr":"","_coblocks_dimensions":"","_coblocks_responsive_height":"","_coblocks_accordion_ie_support":"","om_disable_all_campaigns":false,"_uf_show_specific_survey":0,"_uf_disable_surveys":false,"slim_seo":{"title":"Mortadella di Mare - L\u2019Original des \u00ab Salumi di Mare \u00bb","description":"Mortadella di Mare La mortadella originale de poisson est un produit historique de Salumi di Mare. Elle se m\u00e9lange facilement dans des sandwiches farcis, de la focaccia farcie, des plateaux de \u00ab Salumi di Mare \u00bb ou coup\u00e9e en cubes en entr\u00e9e dans un excellent ap\u00e9ritif. Excellente sur une pizza blanche avec burrata apulienne et grains de pistache."}},"product_brand":[],"product_cat":[3489,2909,1392,1397,3579],"product_tag":[4130,4129,4131,3499,3769],"class_list":["post-22748","product","type-product","status-publish","has-post-thumbnail","product_cat-carpaccio","product_cat-salami-di-pesce","product_cat-sans-gluten","product_cat-sans-lactose","product_cat-viandes-cuites","product_tag-bresaola","product_tag-bresaola-di-tonno","product_tag-pistacchio","product_tag-thon","product_tag-thon-seche","yith_product_brand-viandes-salees-de-fruits-de-mer","first","instock","shipping-taxable","purchasable","product-type-variable"],"_links":{"self":[{"href":"https:\/\/salumeriaittica.org\/fr\/wp-json\/wp\/v2\/product\/22748","targetHints":{"allow":["GET"]}}],"collection":[{"href":"https:\/\/salumeriaittica.org\/fr\/wp-json\/wp\/v2\/product"}],"about":[{"href":"https:\/\/salumeriaittica.org\/fr\/wp-json\/wp\/v2\/types\/product"}],"replies":[{"embeddable":true,"href":"https:\/\/salumeriaittica.org\/fr\/wp-json\/wp\/v2\/comments?post=22748"}],"wp:featuredmedia":[{"embeddable":true,"href":"https:\/\/salumeriaittica.org\/fr\/wp-json\/wp\/v2\/media\/22761"}],"wp:attachment":[{"href":"https:\/\/salumeriaittica.org\/fr\/wp-json\/wp\/v2\/media?parent=22748"}],"wp:term":[{"taxonomy":"product_brand","embeddable":true,"href":"https:\/\/salumeriaittica.org\/fr\/wp-json\/wp\/v2\/product_brand?post=22748"},{"taxonomy":"product_cat","embeddable":true,"href":"https:\/\/salumeriaittica.org\/fr\/wp-json\/wp\/v2\/product_cat?post=22748"},{"taxonomy":"product_tag","embeddable":true,"href":"https:\/\/salumeriaittica.org\/fr\/wp-json\/wp\/v2\/product_tag?post=22748"}],"curies":[{"name":"wp","href":"https:\/\/api.w.org\/{rel}","templated":true}]}}