{"id":21930,"date":"2021-10-18T10:58:59","date_gmt":"2021-10-18T10:58:59","guid":{"rendered":"https:\/\/salumeriaittica.org\/prodotto\/lespadon-se-seche-naturellement\/"},"modified":"2021-10-18T10:58:59","modified_gmt":"2021-10-18T10:58:59","slug":"lespadon-se-seche-naturellement","status":"publish","type":"product","link":"https:\/\/salumeriaittica.org\/fr\/prodotto\/lespadon-se-seche-naturellement\/","title":{"rendered":"L\u2019espadon se s\u00e9che naturellement"},"content":{"rendered":"<div>\n<h1>L\u2019espadon se s\u00e9che naturellement<\/h1>\n<p>Steak d\u2019espadon pr\u00e9par\u00e9 \u00e0 partir de la partie la plus noble du poisson, sal\u00e9 avec du sel Volterra et assaisonn\u00e9 dans des environnements strictement contr\u00f4l\u00e9s \u00e0 temp\u00e9rature et humidit\u00e9.<br \/>\nTranche avec une saveur naturelle, non fum\u00e9e, et une texture douce facilement tranch\u00e9e, parfaite pour les sandwichs et les entr\u00e9es de carpaccio.<\/p>\n<\/div>\n<div>\n<ul>\n<li>Teneur \u00e9lev\u00e9e en prot\u00e9ines Environ 34 %<\/li>\n<li>\u00c2g\u00e9 de plus de 5 mois<\/li>\n<li>Teneur en graisses r\u00e9duite (seulement 1,2 %)<\/li>\n<li>Il contient des Om\u00e9ga 3 et 6, pr\u00e9cieux alli\u00e9s de notre corps<\/li>\n<li>Elle contient de nombreux min\u00e9raux tels que le potassium, le s\u00e9l\u00e9nium et le phosphore<\/li>\n<li>Il existe aussi des vitamines B<\/li>\n<li>Id\u00e9al dans les r\u00e9gimes pauvres en calories<\/li>\n<li>Sans gluten<\/li>\n<li>Incroyablement bon et l\u00e9ger, id\u00e9al pour les r\u00e9gimes pauvres en calories.<\/li>\n<li>Adapt\u00e9 aux sportifs et aux passionn\u00e9s de sant\u00e9<\/li>\n<\/ul>\n<\/div>\n<div>\n<p>et qui conserve toute la l\u00e9g\u00e8ret\u00e9 typique du poisson cru mais avec la garantie alimentaire maximale.<\/p>\n<p><strong>Assaisonnement : Plus de 5 MOIS<\/strong><\/p>\n<p><strong>Emballage : <\/strong>emballage sous vide<\/p>\n<p><strong>Poids : Choisissez parmi les poids disponibles<\/strong><\/p>\n<p><strong>Dur\u00e9e : <\/strong>50 jours<\/p>\n<p><strong>Disponibilit\u00e9 : <\/strong>toute l\u2019ann\u00e9e<\/p>\n<p>ALLERG\u00c8NES :<strong> POISSON<br \/>\n<\/strong>: Peut contenir des traces de :<strong> MOLLUSQUES, NOIX, CRUSTAC\u00c9S<\/strong><\/p>\n<ul>\n<li><strong data-start=\"1459\" data-end=\"1472\"><strong data-start=\"1459\" data-end=\"1472\">Prix \u20ac\/kg 102<\/strong><\/strong>\n<p> Ingr\u00e9dients : <strong>ESPADON<\/strong> (Xiphias gladius) pour la pr\u00e9paration de 100g de produit, 210g d\u2019espadon, \u00e9pices, sel Volterra, sucre ont \u00e9t\u00e9 utilis\u00e9s.<strong data-start=\"1459\" data-end=\"1472\"><br \/>\n<\/strong><\/li>\n<\/ul>\n<div class=\"tabella-nutrizionale-container\" style=\"max-width: 400px; margin: 20px 0; font-family: -apple-system, BlinkMacSystemFont, 'Segoe UI', Roboto, Helvetica, Arial, sans-serif; border: 1px solid #e0e0e0; border-radius: 8px; overflow: hidden; box-shadow: 0 2px 4px rgba(0,0,0,0.05);\">\n<div style=\"background-color: #f8f9fa; padding: 15px; border-bottom: 2px solid #222;\">\n<h3 style=\"margin: 0; font-size: 18px; font-weight: bold; uppercase; color: #222;\">Valeurs nutritionnelles<\/h3>\n<p style=\"margin: 5px 0 0 0; font-size: 13px; color: #666; font-style: italic;\">Valeurs moyennes pour 100g de produit<\/p>\n<\/div>\n<table style=\"width: 100%; border-collapse: collapse; margin: 0; background: #fff;\">\n<tbody>\n<tr style=\"border-bottom: 1px solid #eeeeee;\">\nValeur <\/p>\n<td style=\"padding: 12px 15px; font-weight: 600; color: #222; font-size: 14px;\">\u00e9nerg\u00e9tique<\/td>\n<td style=\"padding: 12px 15px; text-align: right; font-weight: 600; color: #222; font-size: 14px;\">648 kJ \/ 155 kcal<\/td>\n<\/tr>\n<tr style=\"border-bottom: 1px solid #eeeeee;\">\n<td style=\"padding: 12px 15px; font-weight: 600; color: #222; font-size: 14px;\">Graisse<\/td>\n<td style=\"padding: 12px 15px; text-align: right; color: #333; font-size: 14px;\">2,8 g<\/td>\n<\/tr>\n<tr style=\"border-bottom: 1px solid #eeeeee; background-color: #fafafa;\">\n<td style=\"padding: 10px 15px 10px 30px; color: #666; font-size: 13px;\"><em>dont Acides gras satur\u00e9s<\/em><\/td>\n<td style=\"padding: 10px 15px; text-align: right; color: #666; font-size: 13px;\">1,2 g<\/td>\n<\/tr>\n<tr style=\"border-bottom: 1px solid #eeeeee;\">\n<td style=\"padding: 12px 15px; font-weight: 600; color: #222; font-size: 14px;\">Glucides<\/td>\n<td style=\"padding: 12px 15px; text-align: right; color: #333; font-size: 14px;\">0,6 g<\/td>\n<\/tr>\n<tr style=\"border-bottom: 1px solid #eeeeee; background-color: #fafafa;\">\n<td style=\"padding: 10px 15px 10px 30px; color: #666; font-size: 13px;\"><em>dont sucres<\/em><\/td>\n<td style=\"padding: 10px 15px; text-align: right; color: #666; font-size: 13px;\">0,5 g<\/td>\n<\/tr>\n<tr style=\"border-bottom: 1px solid #eeeeee;\">\n<td style=\"padding: 12px 15px; font-weight: 600; color: #222; font-size: 14px;\">Prot\u00e9ine<\/td>\n<td style=\"padding: 12px 15px; text-align: right; color: #333; font-size: 14px;\">29 g<\/td>\n<\/tr>\n<tr style=\"border-bottom: 1px solid #222;\">\n<td style=\"padding: 12px 15px; font-weight: 600; color: #222; font-size: 14px;\">Sel<\/td>\n<td style=\"padding: 12px 15px; text-align: right; color: #333; font-size: 14px;\">0,8 g<\/td>\n<\/tr>\n<\/tbody>\n<\/table>\n<\/div>\n<\/div>\n","protected":false},"excerpt":{"rendered":"<p>Filet naturel d\u2019espadon sal\u00e9 avec sel Volterra, avec une saveur naturelle non fum\u00e9e et une texture douce, excellent pour les sandwichs et les entr\u00e9es.<br \/>\n Prix \u20ac\/kg 101,13<\/p>\n","protected":false},"featured_media":21937,"comment_status":"open","ping_status":"closed","template":"","meta":{"_coblocks_attr":"","_coblocks_dimensions":"","_coblocks_responsive_height":"","_coblocks_accordion_ie_support":"","om_disable_all_campaigns":false,"_uf_show_specific_survey":0,"_uf_disable_surveys":false,"slim_seo":{"title":"Sword fish fum\u00e9 - \u00ab Salumi di Mare \u00bb de Salumeria Ittica","description":"Le grain fum\u00e9 d\u2019espadon de la Salumeria Ittica est un produit gastronomique tr\u00e8s pr\u00e9cieux, obtenu par la pr\u00e9paration du filet maigre d\u2019espadon m\u00e9diterran\u00e9en et assaisonn\u00e9 avec une ventilation naturelle. Il a une saveur intense ; il doit \u00eatre coup\u00e9 en tranches tr\u00e8s fines assaisonn\u00e9es d\u2019huile d\u2019olive extra vierge."}},"product_brand":[],"product_cat":[1392,1397,1634],"product_tag":[1638,2241,1637,3486,2392,2242,2243,1636],"class_list":["post-21930","product","type-product","status-publish","has-post-thumbnail","product_cat-sans-gluten","product_cat-sans-lactose","product_cat-viandes-sechees","product_tag-epicerie-de-poisson","product_tag-espadon","product_tag-grains-despadon","product_tag-naturelle","product_tag-pesce-spada-naturale","product_tag-produits-sans-gluten","product_tag-produits-sans-lactose","product_tag-speck","first","instock","shipping-taxable","purchasable","product-type-variable"],"_links":{"self":[{"href":"https:\/\/salumeriaittica.org\/fr\/wp-json\/wp\/v2\/product\/21930","targetHints":{"allow":["GET"]}}],"collection":[{"href":"https:\/\/salumeriaittica.org\/fr\/wp-json\/wp\/v2\/product"}],"about":[{"href":"https:\/\/salumeriaittica.org\/fr\/wp-json\/wp\/v2\/types\/product"}],"replies":[{"embeddable":true,"href":"https:\/\/salumeriaittica.org\/fr\/wp-json\/wp\/v2\/comments?post=21930"}],"wp:featuredmedia":[{"embeddable":true,"href":"https:\/\/salumeriaittica.org\/fr\/wp-json\/wp\/v2\/media\/21937"}],"wp:attachment":[{"href":"https:\/\/salumeriaittica.org\/fr\/wp-json\/wp\/v2\/media?parent=21930"}],"wp:term":[{"taxonomy":"product_brand","embeddable":true,"href":"https:\/\/salumeriaittica.org\/fr\/wp-json\/wp\/v2\/product_brand?post=21930"},{"taxonomy":"product_cat","embeddable":true,"href":"https:\/\/salumeriaittica.org\/fr\/wp-json\/wp\/v2\/product_cat?post=21930"},{"taxonomy":"product_tag","embeddable":true,"href":"https:\/\/salumeriaittica.org\/fr\/wp-json\/wp\/v2\/product_tag?post=21930"}],"curies":[{"name":"wp","href":"https:\/\/api.w.org\/{rel}","templated":true}]}}