{"id":21425,"date":"2019-09-21T16:39:52","date_gmt":"2019-09-21T16:39:52","guid":{"rendered":"https:\/\/salumeriaittica.org\/prodotto\/sugo-ragu-di-pesce-spada\/"},"modified":"2026-08-31T16:40:17","modified_gmt":"2026-08-31T16:40:17","slug":"sugo-ragu-di-pesce-spada","status":"publish","type":"product","link":"https:\/\/salumeriaittica.org\/fr\/prodotto\/sugo-ragu-di-pesce-spada\/","title":{"rendered":"Sauce \u00e0 l\u2019espadon 200g"},"content":{"rendered":"<div>\n<h3 data-start=\"164\" data-end=\"238\">\ud83d\udc1f Sauce espadon 200g \u2013 Go\u00fbt authentique de la mer dans un bocal<\/h3>\n<p data-start=\"240\" data-end=\"647\">D\u00e9couvrez notre <strong data-start=\"257\" data-end=\"292\">sauce artisanale \u00e0 l\u2019espadon<\/strong>, une recette d\u00e9licieuse issue de la tradition maritime italienne et de <strong data-start=\"380\" data-end=\"398\">l\u2019histoire des Charcuteries Maritimes<\/strong>, une gamme n\u00e9e \u00e0 la fin des ann\u00e9es 800. Fabriqu\u00e9 avec de <strong data-start=\"450\" data-end=\"486\">l\u2019espadon de la plus haute qualit\u00e9<\/strong>, fait main selon des m\u00e9thodes artisanales anciennes et sans conservateurs, ce rag\u00f9 est pr\u00eat \u00e0 sublimer n\u2019importe quel plat avec une touche d\u2019\u00e9l\u00e9gance et de saveur marine. <\/p>\n<p data-start=\"649\" data-end=\"898\">Parfaite comme <strong data-start=\"663\" data-end=\"687\">sauce pour p\u00e2tes<\/strong>, mais aussi servie froide sur <strong data-start=\"716\" data-end=\"751\">cro\u00fbtons, bruschettas ou cro\u00fbtons<\/strong>, notre sauce \u00e0 l\u2019espadon est id\u00e9ale pour ceux qui souhaitent apporter une recette gastronomique sans sacrifier la commodit\u00e9 de la pr\u00eate \u00e0 l\u2019emploi.<\/p>\n<p data-start=\"900\" data-end=\"1188\">Les <strong data-start=\"903\" data-end=\"922\">l\u00e9gumes frais<\/strong> utilis\u00e9s dans la pr\u00e9paration, combin\u00e9s \u00e0 un poisson s\u00e9lectionn\u00e9 et \u00e0 de l\u2019huile d\u2019olive extra vierge, rendent cette sauce <strong data-start=\"1037\" data-end=\"1066\">saine, savoureuse et nutritive<\/strong>. Riche en <strong data-start=\"1077\" data-end=\"1114\">om\u00e9ga 3, en sels min\u00e9raux et en vitamines<\/strong>, elle convient \u00e0 ceux qui suivent une alimentation \u00e9quilibr\u00e9e ou une teneur \u00e9lev\u00e9e en prot\u00e9ines. <\/p>\n<hr data-start=\"1190\" data-end=\"1193\">\n<h3 data-start=\"1195\" data-end=\"1232\">\u2705 <strong data-start=\"1201\" data-end=\"1232\">Caract\u00e9ristiques cl\u00e9s :<\/strong><\/h3>\n<ul data-start=\"1233\" data-end=\"1514\">\n<li data-start=\"1233\" data-end=\"1277\">\n<p data-start=\"1235\" data-end=\"1277\">Recette historique inspir\u00e9e des viandes de fruits de mer<\/p>\n<\/li>\n<li data-start=\"1278\" data-end=\"1317\">\n<p data-start=\"1280\" data-end=\"1317\">Artisanat 100 % italien<\/p>\n<\/li>\n<li data-start=\"1318\" data-end=\"1357\">\n<p data-start=\"1320\" data-end=\"1357\">L\u00e9gumes frais, ingr\u00e9dients naturels<\/p>\n<\/li>\n<li data-start=\"1358\" data-end=\"1418\">\n<p data-start=\"1360\" data-end=\"1418\">Pr\u00eat \u00e0 l\u2019emploi, id\u00e9al pour les p\u00e2tes, les cro\u00fbtons ou les plats froids<\/p>\n<\/li>\n<li data-start=\"1419\" data-end=\"1477\">\n<p data-start=\"1421\" data-end=\"1477\">Riche en <strong data-start=\"1430\" data-end=\"1477\">om\u00e9ga 3, calcium, iode, potassium et vitamines<\/strong><\/p>\n<\/li>\n<li data-start=\"1478\" data-end=\"1514\">\n<p data-start=\"1480\" data-end=\"1514\"><strong data-start=\"1480\" data-end=\"1514\">Sans gluten \u2013 Sans lactose<\/strong><\/p>\n<\/li>\n<\/ul>\n<hr data-start=\"1516\" data-end=\"1519\">\n<h3 data-start=\"1521\" data-end=\"1548\">\ud83d\udce6 Caract\u00e9ristiques du produit :<\/h3>\n<ul data-start=\"1549\" data-end=\"1669\">\n<li data-start=\"1549\" data-end=\"1579\">\n<p data-start=\"1551\" data-end=\"1579\"><strong data-start=\"1551\" data-end=\"1562\">Format<\/strong> : bocal 200g<\/p>\n<\/li>\n<li data-start=\"1580\" data-end=\"1614\">\n<p data-start=\"1582\" data-end=\"1614\"><strong data-start=\"1582\" data-end=\"1596\">Emballage<\/strong> : Verre sous vide<\/p>\n<\/li>\n<li data-start=\"1615\" data-end=\"1635\">\n<p data-start=\"1617\" data-end=\"1635\"><strong data-start=\"1617\" data-end=\"1627\">Dur\u00e9e<\/strong> : 6 mois<\/p>\n<\/li>\n<li data-start=\"1636\" data-end=\"1669\">\n<p data-start=\"1638\" data-end=\"1669\"><strong data-start=\"1638\" data-end=\"1655\">Disponibilit\u00e9<\/strong> : toute l\u2019ann\u00e9e<\/p>\n<ul>\n<li>Prix \u20ac\/kg 27,50<\/li>\n<\/ul>\n<\/li>\n<\/ul>\n<hr data-start=\"1671\" data-end=\"1674\">\n<h3 data-start=\"1676\" data-end=\"1697\">\u26a0\ufe0f <strong data-start=\"1683\" data-end=\"1696\">Allerg\u00e8nes<\/strong> :<\/h3>\n<ul data-start=\"1698\" data-end=\"1763\">\n<li data-start=\"1698\" data-end=\"1715\">\n<p data-start=\"1700\" data-end=\"1715\">POISSON, C\u00c9LERI<\/p>\n<\/li>\n<\/ul>\n<\/div>\n<div>\n<p><a href=\"https:\/\/salumeriaittica.org\/fr\/?attachment_id=2195\" rel=\"attachment wp-att-2195\"><img loading=\"lazy\" decoding=\"async\" class=\"alignnone size-medium wp-image-2195\" src=\"https:\/\/salumeriaittica.org\/wp-content\/uploads\/2019\/09\/ragu-sugo-di-pesce-spada-1-300x220.jpg\" alt=\"\" width=\"300\" height=\"220\" srcset=\"https:\/\/salumeriaittica.org\/wp-content\/uploads\/2019\/09\/ragu-sugo-di-pesce-spada-1-300x220.jpg 300w, https:\/\/salumeriaittica.org\/wp-content\/uploads\/2019\/09\/ragu-sugo-di-pesce-spada-1-scaled-500x366.jpg 500w, https:\/\/salumeriaittica.org\/wp-content\/uploads\/2019\/09\/ragu-sugo-di-pesce-spada-1-768x563.jpg 768w, https:\/\/salumeriaittica.org\/wp-content\/uploads\/2019\/09\/ragu-sugo-di-pesce-spada-1-1024x750.jpg 1024w, https:\/\/salumeriaittica.org\/wp-content\/uploads\/2019\/09\/ragu-sugo-di-pesce-spada-1-scaled-600x440.jpg 600w\" sizes=\"auto, (max-width: 300px) 100vw, 300px\" \/><\/a><\/p>\n<\/div>\n","protected":false},"excerpt":{"rendered":"<p data-start=\"900\" data-end=\"1188\">Les <strong data-start=\"903\" data-end=\"922\">l\u00e9gumes frais<\/strong> utilis\u00e9s dans la pr\u00e9paration, combin\u00e9s \u00e0 un poisson s\u00e9lectionn\u00e9 et \u00e0 de l\u2019huile d\u2019olive extra vierge, rendent cette sauce <strong data-start=\"1037\" data-end=\"1066\">saine, savoureuse et nutritive<\/strong>. Riche en <strong data-start=\"1077\" data-end=\"1114\">om\u00e9ga 3, min\u00e9raux et vitamines<\/strong>, elle convient \u00e0 ceux qui suivent une alimentation \u00e9quilibr\u00e9e ou une teneur en prot\u00e9ines \u00e9lev\u00e9e.<br \/>\n Prix \u20ac\/kg 27,50 <\/p>\n","protected":false},"featured_media":21032,"comment_status":"open","ping_status":"closed","template":"","meta":{"_coblocks_attr":"","_coblocks_dimensions":"","_coblocks_responsive_height":"","_coblocks_accordion_ie_support":"","om_disable_all_campaigns":false,"_uf_show_specific_survey":0,"_uf_disable_surveys":false,"slim_seo":{"title":"Sauce \u00e0 l\u2019espadon 200g","description":"Achetez la sauce artisanale \u00e0 l\u2019espadon de 200 g. Recette traditionnelle avec des ingr\u00e9dients frais, sans gluten ni lactose. Parfaite pour les p\u00e2tes ou les cro\u00fbtons."}},"product_brand":[],"product_cat":[2002,1469,2032,1392,1397],"product_tag":[2038,1368,2106,2107,2040,2036,2039,2037,1369,2042,2006,2041,2078,2004,2077,2821],"class_list":["post-21425","product","type-product","status-publish","has-post-thumbnail","product_cat-ragout-et-sauces","product_cat-reserve","product_cat-reserves","product_cat-sans-gluten","product_cat-sans-lactose","product_tag-cadeaux-de-noel-2","product_tag-cadeaux-de-noel","product_tag-cadeaux-de-noel-3","product_tag-cadeaux-de-noel-amazon","product_tag-cadeaux-de-noel-originaux","product_tag-cadeaux-de-noel-pour-les-entreprises","product_tag-cadeaux-pour-noel","product_tag-idees-de-cadeaux-de-noel","product_tag-paniers-de-noel","product_tag-reserves","product_tag-sans-gluten","product_tag-sans-lactose","product_tag-sauce-2","product_tag-sauce-a-la-viande","product_tag-sauces","product_tag-sugo-di-pesce","yith_product_brand-sauces-aux-fruits-de-mer","first","instock","sale","shipping-taxable","purchasable","product-type-simple"],"_links":{"self":[{"href":"https:\/\/salumeriaittica.org\/fr\/wp-json\/wp\/v2\/product\/21425","targetHints":{"allow":["GET"]}}],"collection":[{"href":"https:\/\/salumeriaittica.org\/fr\/wp-json\/wp\/v2\/product"}],"about":[{"href":"https:\/\/salumeriaittica.org\/fr\/wp-json\/wp\/v2\/types\/product"}],"replies":[{"embeddable":true,"href":"https:\/\/salumeriaittica.org\/fr\/wp-json\/wp\/v2\/comments?post=21425"}],"wp:featuredmedia":[{"embeddable":true,"href":"https:\/\/salumeriaittica.org\/fr\/wp-json\/wp\/v2\/media\/21032"}],"wp:attachment":[{"href":"https:\/\/salumeriaittica.org\/fr\/wp-json\/wp\/v2\/media?parent=21425"}],"wp:term":[{"taxonomy":"product_brand","embeddable":true,"href":"https:\/\/salumeriaittica.org\/fr\/wp-json\/wp\/v2\/product_brand?post=21425"},{"taxonomy":"product_cat","embeddable":true,"href":"https:\/\/salumeriaittica.org\/fr\/wp-json\/wp\/v2\/product_cat?post=21425"},{"taxonomy":"product_tag","embeddable":true,"href":"https:\/\/salumeriaittica.org\/fr\/wp-json\/wp\/v2\/product_tag?post=21425"}],"curies":[{"name":"wp","href":"https:\/\/api.w.org\/{rel}","templated":true}]}}