{"id":22568,"date":"2018-01-27T10:36:52","date_gmt":"2018-01-27T10:36:52","guid":{"rendered":"https:\/\/salumeriaittica.org\/prodotto\/bresaola-di-tonno-affumicata\/"},"modified":"2026-08-31T16:49:22","modified_gmt":"2026-08-31T16:49:22","slug":"bresaola-di-tonno-affumicata","status":"publish","type":"product","link":"https:\/\/salumeriaittica.org\/es\/prodotto\/bresaola-di-tonno-affumicata\/","title":{"rendered":"Bresaola de at\u00fan sazonado y ahumado"},"content":{"rendered":"<div>\n<h1>Bresaola de at\u00fan sazonado y ahumado<\/h1>\n<p>El at\u00fan ahumado Bresaola se procesa directamente en nuestra planta de producci\u00f3n en<b> Toscana<\/b>, donde llegan los mejores atunes aleta amarilla capturados en las ricas aguas de nuestro mar Mediterr\u00e1neo, y por eso no podemos garantizar una presencia continua durante todo el a\u00f1o.<\/p>\n<p><strong>La Salumeria Ittica<\/strong> filetea cada rodaja de at\u00fan a mano y solo la sale con sal pura de mina, sal Volterra, sin a\u00f1adir tintes, pero con un condimento de m\u00e1s de 5 meses y un ahumado hecho con madera de las monta\u00f1as de Pistoia. Este es el secreto de c\u00f3mo se produce nuestra <strong>Bresaola de at\u00fan ahumado<\/strong> ; un producto procesado de forma natural, con un contenido nutricional muy alto que incluye:<\/p>\n<\/div>\n<div>\n<ul>\n<li>Alto contenido proteico: aproximadamente un 36%<\/li>\n<li>Con m\u00e1s de 5 meses de edad<\/li>\n<li>Contenido reducido de grasa (solo 0,9%)<\/li>\n<li>Contiene Omega 3 y 6, aliados preciosos de nuestro cuerpo<\/li>\n<li>Contiene muchos minerales como potasio, selenio y f\u00f3sforo<\/li>\n<li>Tambi\u00e9n hay vitaminas del grupo B<\/li>\n<li>Ideal en dietas bajas en calor\u00edas<\/li>\n<li>Sin gluten<\/li>\n<li>Incre\u00edblemente bueno y ligero, ideal para dietas bajas en calor\u00edas.<\/li>\n<li>Adecuado para deportistas y entusiastas de la salud<\/li>\n<\/ul>\n<\/div>\n<div>\n<p>y que mantiene toda la ligereza t\u00edpica del pescado crudo pero con la m\u00e1xima garant\u00eda de alimento.<\/p>\n<p><strong>Condimento: M\u00e1s de 5 MESES<\/strong><\/p>\n<p><strong>Embalaje: <\/strong>envase al vac\u00edo<\/p>\n<p><strong>Peso: Elige entre los pesos disponibles<\/strong><\/p>\n<p><strong>Duraci\u00f3n: <\/strong>50 d\u00edas<\/p>\n<p><strong>Disponibilidad: <\/strong>todo el a\u00f1o<\/p>\n<ul>\n<li>Precio \u20ac\/kg 89,00\n<div>Ingredientes: <strong>At\u00fan de aleta amarilla<\/strong> (Thunnus albacares) Especias, sal Volterra, az\u00facar de ca\u00f1a, ahumado con madera natural de haya.<\/div>\n<\/li>\n<\/ul>\n<p>AL\u00c9RGENOS:<strong> EL PESCADO<br \/>\n<\/strong>Puede contener trazas de:<strong> MOLUSCOS, FRUTOS SECOS, CRUST\u00c1CEOS<\/strong><\/p>\n<div class=\"tabella-nutrizionale-container\" style=\"max-width: 400px; margin: 20px 0; font-family: -apple-system, BlinkMacSystemFont, 'Segoe UI', Roboto, Helvetica, Arial, sans-serif; border: 1px solid #e0e0e0; border-radius: 8px; overflow: hidden; box-shadow: 0 2px 4px rgba(0,0,0,0.05);\">\n<div style=\"background-color: #f8f9fa; padding: 15px; border-bottom: 2px solid #222;\">\n<h3 style=\"margin: 0; font-size: 18px; font-weight: bold; uppercase; color: #222;\">Valores nutricionales<\/h3>\n<p style=\"margin: 5px 0 0 0; font-size: 13px; color: #666; font-style: italic;\">Valores medios por cada 100g de producto<\/p>\n<\/div>\n<table style=\"width: 100%; border-collapse: collapse; margin: 0; background: #fff;\">\n<tbody>\n<tr style=\"border-bottom: 1px solid #eeeeee;\">\nValor <\/p>\n<td style=\"padding: 12px 15px; font-weight: 600; color: #222; font-size: 14px;\">energ\u00e9tico<\/td>\n<td style=\"padding: 12px 15px; text-align: right; font-weight: 600; color: #222; font-size: 14px;\">620 kJ \/ 148 kcal<\/td>\n<\/tr>\n<tr style=\"border-bottom: 1px solid #eeeeee;\">\n<td style=\"padding: 12px 15px; font-weight: 600; color: #222; font-size: 14px;\">Grasa<\/td>\n<td style=\"padding: 12px 15px; text-align: right; color: #333; font-size: 14px;\">0,8 g<\/td>\n<\/tr>\n<tr style=\"border-bottom: 1px solid #eeeeee; background-color: #fafafa;\">\n<td style=\"padding: 10px 15px 10px 30px; color: #666; font-size: 13px;\"><em>de los cuales \u00e1cidos grasos saturados<\/em><\/td>\n<td style=\"padding: 10px 15px; text-align: right; color: #666; font-size: 13px;\">0,1 g<\/td>\n<\/tr>\n<tr style=\"border-bottom: 1px solid #eeeeee;\">\n<td style=\"padding: 12px 15px; font-weight: 600; color: #222; font-size: 14px;\">Carbohidratos<\/td>\n<td style=\"padding: 12px 15px; text-align: right; color: #333; font-size: 14px;\">1,2 g<\/td>\n<\/tr>\n<tr style=\"border-bottom: 1px solid #eeeeee; background-color: #fafafa;\">\n<td style=\"padding: 10px 15px 10px 30px; color: #666; font-size: 13px;\"><em>de los cuales az\u00facares<\/em><\/td>\n<td style=\"padding: 10px 15px; text-align: right; color: #666; font-size: 13px;\">0,5 g<\/td>\n<\/tr>\n<tr style=\"border-bottom: 1px solid #eeeeee;\">\n<td style=\"padding: 12px 15px; font-weight: 600; color: #222; font-size: 14px;\">Prote\u00edna<\/td>\n<td style=\"padding: 12px 15px; text-align: right; color: #333; font-size: 14px;\">34 g<\/td>\n<\/tr>\n<tr style=\"border-bottom: 1px solid #222;\">\n<td style=\"padding: 12px 15px; font-weight: 600; color: #222; font-size: 14px;\">Sal<\/td>\n<td style=\"padding: 12px 15px; text-align: right; color: #333; font-size: 14px;\">0,9 g<\/td>\n<\/tr>\n<\/tbody>\n<\/table>\n<\/div>\n<h2>El sabor y aroma de la bresaola de at\u00fan ahumado<\/h2>\n<p>El sabor y el aroma son intensos y t\u00edpicos, que recuerdan al pasado, excelentes como <strong>aperitivo con un chorrito de aceite de oliva virgen extra, como <\/strong> aperitivo completo   <strong>con un acompa\u00f1amiento de verduras cocinadas y al vapor o a la parrilla, como panecillos rellenos de queso de cabra, o en picatostes con mozzarella caliente.<\/strong><\/p>\n<p><img loading=\"lazy\" decoding=\"async\" class=\"alignnone wp-image-10796 size-medium\" src=\"https:\/\/salumeriaittica.org\/wp-content\/uploads\/2018\/01\/Bresaola-di-Tonno-Affumicata-12-300x201.png\" alt=\"\" width=\"300\" height=\"201\" srcset=\"https:\/\/salumeriaittica.org\/wp-content\/uploads\/2018\/01\/Bresaola-di-Tonno-Affumicata-12-300x201.png 300w, https:\/\/salumeriaittica.org\/wp-content\/uploads\/2018\/01\/Bresaola-di-Tonno-Affumicata-12-1024x685.png 1024w, https:\/\/salumeriaittica.org\/wp-content\/uploads\/2018\/01\/Bresaola-di-Tonno-Affumicata-12-768x514.png 768w, https:\/\/salumeriaittica.org\/wp-content\/uploads\/2018\/01\/Bresaola-di-Tonno-Affumicata-12-1536x1028.png 1536w, https:\/\/salumeriaittica.org\/wp-content\/uploads\/2018\/01\/Bresaola-di-Tonno-Affumicata-12-2048x1371.png 2048w, https:\/\/salumeriaittica.org\/wp-content\/uploads\/2018\/01\/Bresaola-di-Tonno-Affumicata-12-500x335.png 500w, https:\/\/salumeriaittica.org\/wp-content\/uploads\/2018\/01\/Bresaola-di-Tonno-Affumicata-12-90x60.png 90w, https:\/\/salumeriaittica.org\/wp-content\/uploads\/2018\/01\/Bresaola-di-Tonno-Affumicata-12-134x90.png 134w\" sizes=\"auto, (max-width: 300px) 100vw, 300px\" \/><\/p>\n<p><strong>Receta para condimentar bresaola de at\u00fan<\/strong>, para poder disfrutarlo al m\u00e1ximo. La bresaola de at\u00fan es realmente buena y puedes preparar aperitivos sabrosos y apetitosos. <\/p>\n<p><strong>Ingredientes<\/strong>:<br \/>\nbresaola de at\u00fan<br \/>\naceite de oliva virgen extra<br \/>\nperejil fresco<\/p>\n<p><strong>Preparaci\u00f3n<\/strong> :<br \/>\n M\u00e1s que una receta, esta es una forma recomendada de sazonar la bresaola de at\u00fan. Corta la bresaola de at\u00fan muy fina y pon unas rodajas en un bol.<br \/>\n A\u00f1ade un poco de aceite y un poco de perejil finamente picado. Contin\u00faa con otras capas, siempre sazonada con aceite y perejil, cubre el bol y gu\u00e1rdalo en la nevera. Si tienes que conservar unos d\u00edas, sazona con m\u00e1s aceite.   <\/p>\n<\/div>\n","protected":false},"excerpt":{"rendered":"<p>El sabor y aroma son intensos y t\u00edpicos, que recuerdan al pasado, excelentes como <strong>aperitivo con un chorrito de aceite de oliva virgen extra, <\/strong> como aperitivo <strong>completo con guarnici\u00f3n de verduras cocidas y al vapor o a la parrilla, como panecillo relleno de queso de cabra, o sobre picatostes con mozzarella caliente.<br \/>\n<\/strong> Precio \u20ac\/kg 89,23<\/p>\n","protected":false},"featured_media":22575,"comment_status":"open","ping_status":"closed","template":"","meta":{"_coblocks_attr":"","_coblocks_dimensions":"","_coblocks_responsive_height":"","_coblocks_accordion_ie_support":"","om_disable_all_campaigns":false,"_uf_show_specific_survey":0,"_uf_disable_surveys":false,"slim_seo":{"title":"At\u00fan Bresaola - \"Salumi di Mare\" de Salumeria Ittica","description":"El at\u00fan Bresaola se procesa en nuestra f\u00e1brica en la Toscana, donde llegan los mejores atunes capturados en las ricas aguas del mar Mediterr\u00e1neo."}},"product_brand":[],"product_cat":[3348,1988,1357],"product_tag":[3349,3537,3350,4090],"class_list":["post-22568","product","type-product","status-publish","has-post-thumbnail","product_cat-atun-bresaola","product_cat-embutidos-curados","product_cat-smokeed","product_tag-atun","product_tag-atun-ahumado","product_tag-atun-curado","product_tag-bresaola-di-tonno-affumicata","yith_product_brand-embutidos-curados-de-marisco","first","instock","shipping-taxable","purchasable","product-type-variable"],"_links":{"self":[{"href":"https:\/\/salumeriaittica.org\/es\/wp-json\/wp\/v2\/product\/22568","targetHints":{"allow":["GET"]}}],"collection":[{"href":"https:\/\/salumeriaittica.org\/es\/wp-json\/wp\/v2\/product"}],"about":[{"href":"https:\/\/salumeriaittica.org\/es\/wp-json\/wp\/v2\/types\/product"}],"replies":[{"embeddable":true,"href":"https:\/\/salumeriaittica.org\/es\/wp-json\/wp\/v2\/comments?post=22568"}],"wp:featuredmedia":[{"embeddable":true,"href":"https:\/\/salumeriaittica.org\/es\/wp-json\/wp\/v2\/media\/22575"}],"wp:attachment":[{"href":"https:\/\/salumeriaittica.org\/es\/wp-json\/wp\/v2\/media?parent=22568"}],"wp:term":[{"taxonomy":"product_brand","embeddable":true,"href":"https:\/\/salumeriaittica.org\/es\/wp-json\/wp\/v2\/product_brand?post=22568"},{"taxonomy":"product_cat","embeddable":true,"href":"https:\/\/salumeriaittica.org\/es\/wp-json\/wp\/v2\/product_cat?post=22568"},{"taxonomy":"product_tag","embeddable":true,"href":"https:\/\/salumeriaittica.org\/es\/wp-json\/wp\/v2\/product_tag?post=22568"}],"curies":[{"name":"wp","href":"https:\/\/api.w.org\/{rel}","templated":true}]}}